{"id":34,"date":"2025-02-08T23:20:54","date_gmt":"2025-02-08T23:20:54","guid":{"rendered":"https:\/\/xxxvicongreso.ceet.org.es\/?page_id=34"},"modified":"2025-03-31T14:57:22","modified_gmt":"2025-03-31T12:57:22","slug":"inicio","status":"publish","type":"page","link":"https:\/\/expotic.ceet.org.es\/cat\/","title":{"rendered":"Inici"},"content":{"rendered":"<div class=\"wp-block-group has-base-background-color has-background is-layout-flow wp-block-group-is-layout-flow\" style=\"border-radius:10px;padding-top:var(--wp--preset--spacing--30);padding-right:var(--wp--preset--spacing--30);padding-bottom:var(--wp--preset--spacing--30);padding-left:var(--wp--preset--spacing--30);box-shadow:var(--wp--preset--shadow--natural)\">\n<div class=\"wp-block-columns is-layout-flex wp-container-core-columns-is-layout-28f84493 wp-block-columns-is-layout-flex\">\n<div class=\"wp-block-column is-vertically-aligned-center is-layout-flow wp-block-column-is-layout-flow\" style=\"flex-basis:50%\">\n<h1 class=\"wp-block-heading has-text-align-right has-accent-1-color has-text-color has-link-color wp-elements-dac8bbbdf16ff9d766b5e3c7fe3325f6\">EXPOTIC 2025<\/h1>\n\n\n\n<h2 class=\"wp-block-heading alignwide has-text-align-right has-accent-1-color has-text-color has-link-color wp-elements-9f89ccea7641ea7bc4d2722b6c556a00\">17 de setembre de 2025<\/h2>\n\n\n\n<h2 class=\"wp-block-heading has-text-align-right has-accent-1-color has-text-color has-link-color wp-elements-9f83c6456ebc6025835875e9994823f4\">Campus nord, ETSETB<\/h2>\n<\/div>\n\n\n\n<div class=\"wp-block-column has-global-padding is-content-justification-left is-layout-constrained wp-container-core-column-is-layout-12dd3699 wp-block-column-is-layout-constrained\" style=\"flex-basis:50%\">\n<figure class=\"wp-block-image alignleft size-large is-resized is-style-default\" style=\"margin-right:var(--wp--preset--spacing--30);margin-left:var(--wp--preset--spacing--30)\"><img loading=\"lazy\" decoding=\"async\" width=\"640\" height=\"1024\" src=\"https:\/\/xxxvicongreso.ceet.org.es\/wp-content\/uploads\/2025\/02\/expotic-azul-naranja-640x1024.png\" alt=\"\" class=\"wp-image-42\" style=\"width:206px;height:auto\" srcset=\"https:\/\/expotic.ceet.org.es\/wp-content\/uploads\/2025\/02\/expotic-azul-naranja-640x1024.png 640w, https:\/\/expotic.ceet.org.es\/wp-content\/uploads\/2025\/02\/expotic-azul-naranja-188x300.png 188w, https:\/\/expotic.ceet.org.es\/wp-content\/uploads\/2025\/02\/expotic-azul-naranja-768x1229.png 768w, https:\/\/expotic.ceet.org.es\/wp-content\/uploads\/2025\/02\/expotic-azul-naranja-960x1536.png 960w, https:\/\/expotic.ceet.org.es\/wp-content\/uploads\/2025\/02\/expotic-azul-naranja-1280x2048.png 1280w\" sizes=\"auto, (max-width: 640px) 100vw, 640px\" \/><\/figure>\n<\/div>\n<\/div>\n\n\n<div\n\t\tclass=\"free alignwide wp-block-ctb-countdown-time\"\tid='ctbCountdownTime-1'\n\tdata-nonce='&quot;874e8d4608&quot;'\n\tdata-attributes='{&quot;align&quot;:&quot;wide&quot;,&quot;destDate&quot;:&quot;2025-09-17T12:00:00&quot;,&quot;daysLabel&quot;:&quot;&lt;strong&gt;D\\u00cdAS&lt;\\\/strong&gt;&quot;,&quot;hoursLabel&quot;:&quot;HORAS&quot;,&quot;minutesLabel&quot;:&quot;MINUTOS&quot;,&quot;secondsLabel&quot;:&quot;SEGUNDOS&quot;,&quot;background&quot;:{&quot;type&quot;:&quot;solid&quot;,&quot;color&quot;:&quot;#0000&quot;},&quot;padding&quot;:{&quot;vertical&quot;:&quot;10px&quot;,&quot;horizontal&quot;:&quot;15px&quot;,&quot;side&quot;:2,&quot;top&quot;:&quot;0px&quot;,&quot;right&quot;:&quot;0px&quot;,&quot;bottom&quot;:&quot;0px&quot;,&quot;left&quot;:&quot;0px&quot;},&quot;shadow&quot;:{&quot;hOffset&quot;:&quot;0px&quot;,&quot;vOffset&quot;:&quot;0px&quot;,&quot;color&quot;:&quot;#0000&quot;},&quot;boxBG&quot;:{&quot;type&quot;:&quot;solid&quot;,&quot;color&quot;:&quot;#dd614a&quot;,&quot;gradient&quot;:&quot;linear-gradient(135deg, #4527a4, #8344c5)&quot;},&quot;boxBorder&quot;:{&quot;width&quot;:&quot;0px&quot;,&quot;type&quot;:&quot;solid&quot;,&quot;color&quot;:&quot;#0000&quot;,&quot;radius&quot;:&quot;5%&quot;},&quot;layout&quot;:&quot;default&quot;,&quot;isResponsive&quot;:true,&quot;boxIsInline&quot;:false,&quot;boxPosition&quot;:&quot;center&quot;,&quot;isLabels&quot;:true,&quot;isDays&quot;:true,&quot;isHours&quot;:true,&quot;isMinutes&quot;:true,&quot;isSeconds&quot;:true,&quot;isExpired&quot;:false,&quot;hideOn0&quot;:false,&quot;hideOnMobile&quot;:false,&quot;hideOnTablet&quot;:false,&quot;prefixSuffixDirection&quot;:&quot;row&quot;,&quot;prefixText&quot;:&quot;&quot;,&quot;suffixButtonText&quot;:&quot;&quot;,&quot;suffixButtonUrl&quot;:&quot;#&quot;,&quot;addID&quot;:&quot;&quot;,&quot;addClass&quot;:&quot;&quot;,&quot;addCSS&quot;:&quot;&quot;,&quot;width&quot;:&quot;0px&quot;,&quot;alignment&quot;:&quot;center&quot;,&quot;boxWidth&quot;:&quot;170px&quot;,&quot;boxHeight&quot;:&quot;120px&quot;,&quot;boxSpace&quot;:&quot;30px&quot;,&quot;boxShadow&quot;:[],&quot;digitTypo&quot;:{&quot;fontSize&quot;:{&quot;desktop&quot;:&quot;48px&quot;,&quot;tablet&quot;:&quot;40px&quot;,&quot;mobile&quot;:&quot;32px&quot;}},&quot;digitColor&quot;:&quot;#fff&quot;,&quot;labelTypo&quot;:{&quot;fontSize&quot;:{&quot;desktop&quot;:&quot;18px&quot;,&quot;tablet&quot;:&quot;17px&quot;,&quot;mobile&quot;:&quot;16px&quot;}},&quot;labelColor&quot;:&quot;#fff&quot;,&quot;isDaysSingleStyle&quot;:false,&quot;daysBG&quot;:{&quot;type&quot;:&quot;gradient&quot;,&quot;color&quot;:&quot;#146EF5&quot;,&quot;gradient&quot;:&quot;linear-gradient(135deg, #0040E3, #18D4FD)&quot;},&quot;daysDigitColor&quot;:&quot;#fff&quot;,&quot;daysLabelColor&quot;:&quot;#fff&quot;,&quot;isHoursSingleStyle&quot;:false,&quot;hoursBG&quot;:{&quot;type&quot;:&quot;gradient&quot;,&quot;color&quot;:&quot;#146EF5&quot;,&quot;gradient&quot;:&quot;linear-gradient(135deg, #0040E3, #18D4FD)&quot;},&quot;hoursDigitColor&quot;:&quot;#fff&quot;,&quot;hoursLabelColor&quot;:&quot;#fff&quot;,&quot;isMinutesSingleStyle&quot;:false,&quot;minutesBG&quot;:{&quot;type&quot;:&quot;gradient&quot;,&quot;color&quot;:&quot;#146EF5&quot;,&quot;gradient&quot;:&quot;linear-gradient(135deg, #0040E3, #18D4FD)&quot;},&quot;minutesDigitColor&quot;:&quot;#fff&quot;,&quot;minutesLabelColor&quot;:&quot;#fff&quot;,&quot;isSecondsSingleStyle&quot;:false,&quot;secondsBG&quot;:{&quot;type&quot;:&quot;gradient&quot;,&quot;color&quot;:&quot;#146EF5&quot;,&quot;gradient&quot;:&quot;linear-gradient(135deg, #0040E3, #18D4FD)&quot;},&quot;secondsDigitColor&quot;:&quot;#fff&quot;,&quot;secondsLabelColor&quot;:&quot;#fff&quot;,&quot;isSep&quot;:false,&quot;sepType&quot;:&quot;:&quot;,&quot;sepSize&quot;:52,&quot;sepColor&quot;:&quot;#146EF5&quot;,&quot;prefixTextTypo&quot;:{&quot;fontSize&quot;:{&quot;desktop&quot;:&quot;15px&quot;}},&quot;prefixTextColor&quot;:&quot;#222&quot;,&quot;suffixButtonTypo&quot;:{&quot;fontSize&quot;:{&quot;desktop&quot;:&quot;16px&quot;}},&quot;suffixButtonColors&quot;:{&quot;color&quot;:&quot;#fff&quot;,&quot;bg&quot;:&quot;#222&quot;},&quot;suffixButtonPadding&quot;:{&quot;vertical&quot;:&quot;14px&quot;,&quot;horizontal&quot;:&quot;28px&quot;},&quot;isDismiss&quot;:false,&quot;dismissColor&quot;:&quot;#333&quot;,&quot;TrpContentRestriction&quot;:{&quot;restriction_type&quot;:&quot;exclude&quot;,&quot;selected_languages&quot;:[],&quot;panel_open&quot;:true}}'\n\tdata-content='&quot;&quot;'\n><\/div><\/div>\n\n\n\n<div class=\"wp-block-group alignfull has-global-padding is-layout-constrained wp-block-group-is-layout-constrained\">\n<div class=\"wp-block-columns is-layout-flex wp-container-core-columns-is-layout-28f84493 wp-block-columns-is-layout-flex\">\n<div class=\"wp-block-column is-vertically-aligned-center is-layout-flow wp-block-column-is-layout-flow\" style=\"flex-basis:50%\">\n<div class=\"wp-block-group is-vertical is-content-justification-stretch is-layout-flex wp-container-core-group-is-layout-444d5ee8 wp-block-group-is-layout-flex\">\n<div class=\"wp-block-group has-base-color has-accent-2-background-color has-text-color has-background has-link-color has-medium-font-size wp-elements-1e63b2b4838f48032be61204519e2f96 has-global-padding is-layout-constrained wp-container-core-group-is-layout-ea8482c2 wp-block-group-is-layout-constrained\" style=\"border-radius:10px;padding-top:var(--wp--preset--spacing--30);padding-right:0;padding-bottom:var(--wp--preset--spacing--30);padding-left:0;box-shadow:var(--wp--preset--shadow--natural)\">\n<h2 class=\"wp-block-heading has-base-color has-text-color has-link-color wp-elements-243af7fc17730977e2e5bfe866f69b15\">Qu\u00e8 \u00e9s l'ExpoTIC?<\/h2>\n\n\n\n<p>ExpoTIC \u00e9s la fira d\u2019ocupaci\u00f3 del Consejo Estatal de Estudiantes de Telecomunicaciones, un esdeveniment que reuneix empreses del sector TIC amb joves talents d\u2019arreu d\u2019Espanya. Organitzat per la Delegaci\u00f3 d\u2019Alumnes de Telecomunicacions de la UPC, ExpoTIC busca fomentar l\u2019ocupabilitat i mostrar el potencial tecnol\u00f2gic de Barcelona.<\/p>\n<\/div>\n\n\n\n<div class=\"wp-block-group has-base-color has-accent-2-background-color has-text-color has-background has-link-color has-medium-font-size wp-elements-89af695b4fe19fe4922df4de75ae3ff9 has-global-padding is-layout-constrained wp-container-core-group-is-layout-ea8482c2 wp-block-group-is-layout-constrained\" style=\"border-radius:10px;padding-top:var(--wp--preset--spacing--30);padding-right:0;padding-bottom:var(--wp--preset--spacing--30);padding-left:0;box-shadow:var(--wp--preset--shadow--natural)\">\n<h2 class=\"wp-block-heading is-style-default has-base-color has-text-color has-link-color has-x-large-font-size wp-elements-01899a4e4b59a9b775e2e3a88bcdbcc8\">A qui va dirigit?<\/h2>\n\n\n\n<ul class=\"wp-block-list\">\n<li class=\"has-medium-font-size\">Estudiants d\u2019\u00faltims cursos que busquin pr\u00e0ctiques.<\/li>\n\n\n\n<li>Empreses que vulguin acostar-se a l\u2019entorn universitari.<\/li>\n\n\n\n<li>Qualsevol persona que vulgui con\u00e8ixer m\u00e9s a fons el m\u00f3n de les Telecomunicacions.<\/li>\n<\/ul>\n<\/div>\n<\/div>\n<\/div>\n\n\n\n<div class=\"wp-block-column is-vertically-aligned-stretch has-base-color has-accent-1-background-color has-text-color has-background has-link-color wp-elements-f09a7dc42e93a89977953670fad97456 has-global-padding is-layout-constrained wp-container-core-column-is-layout-a159a849 wp-block-column-is-layout-constrained\" style=\"border-radius:10px;padding-top:var(--wp--preset--spacing--30);padding-bottom:var(--wp--preset--spacing--30)\">\n<h2 class=\"wp-block-heading has-base-color has-text-color has-link-color has-x-large-font-size wp-elements-a72a7de7c983c116076be356dc5e38e0\">Qui l\u2019organitza?<\/h2>\n\n\n\n<p class=\"has-medium-font-size\">La Delegaci\u00f3 d\u2019Alumnes de Telecomunicacions de l\u2019ETSETB de la UPC ser\u00e0 l\u2019amfitriona del Congr\u00e9s d\u2019Estudis de Telecomunicaci\u00f3 del 2025, i organitzar\u00e0 l\u2019EXPOTIC amb el suport del CEET.<\/p>\n\n\n\n<div class=\"wp-block-group is-horizontal is-content-justification-center is-layout-flex wp-container-core-group-is-layout-4f6f85ca wp-block-group-is-layout-flex\">\n<figure class=\"wp-block-image aligncenter size-full is-resized\"><img loading=\"lazy\" decoding=\"async\" width=\"591\" height=\"363\" src=\"https:\/\/xxxvicongreso.ceet.org.es\/wp-content\/uploads\/2025\/02\/logo-dat-blanco.png\" alt=\"\" class=\"wp-image-88\" style=\"width:226px;height:auto\" srcset=\"https:\/\/expotic.ceet.org.es\/wp-content\/uploads\/2025\/02\/logo-dat-blanco.png 591w, https:\/\/expotic.ceet.org.es\/wp-content\/uploads\/2025\/02\/logo-dat-blanco-300x184.png 300w\" sizes=\"auto, (max-width: 591px) 100vw, 591px\" \/><\/figure>\n\n\n\n<figure class=\"wp-block-image aligncenter size-large is-resized\"><img loading=\"lazy\" decoding=\"async\" width=\"819\" height=\"1024\" src=\"https:\/\/xxxvicongreso.ceet.org.es\/wp-content\/uploads\/2025\/02\/congreso-blanco-819x1024.png\" alt=\"\" class=\"wp-image-47\" style=\"width:155px;height:auto\" srcset=\"https:\/\/expotic.ceet.org.es\/wp-content\/uploads\/2025\/02\/congreso-blanco-819x1024.png 819w, https:\/\/expotic.ceet.org.es\/wp-content\/uploads\/2025\/02\/congreso-blanco-240x300.png 240w, https:\/\/expotic.ceet.org.es\/wp-content\/uploads\/2025\/02\/congreso-blanco-768x960.png 768w, https:\/\/expotic.ceet.org.es\/wp-content\/uploads\/2025\/02\/congreso-blanco-1229x1536.png 1229w, https:\/\/expotic.ceet.org.es\/wp-content\/uploads\/2025\/02\/congreso-blanco-1639x2048.png 1639w\" sizes=\"auto, (max-width: 819px) 100vw, 819px\" \/><\/figure>\n\n\n\n<figure class=\"wp-block-image aligncenter size-thumbnail\"><img loading=\"lazy\" decoding=\"async\" width=\"150\" height=\"150\" src=\"https:\/\/xxxvicongreso.ceet.org.es\/wp-content\/uploads\/2025\/02\/logo-ceet-blanco-150x150.png\" alt=\"\" class=\"wp-image-90\"\/><\/figure>\n<\/div>\n<\/div>\n<\/div>\n<\/div>\n\n\n\n<div class=\"wp-block-columns has-accent-2-background-color has-background is-layout-flex wp-container-core-columns-is-layout-f3e73c6b wp-block-columns-is-layout-flex\" style=\"border-radius:10px;padding-top:var(--wp--preset--spacing--30);padding-right:var(--wp--preset--spacing--30);padding-bottom:var(--wp--preset--spacing--30);padding-left:var(--wp--preset--spacing--30);box-shadow:var(--wp--preset--shadow--natural)\">\n<div class=\"wp-block-column is-layout-flow wp-block-column-is-layout-flow\" style=\"flex-basis:50%\">\n<div class=\"wp-block-group has-base-color has-text-color has-link-color wp-elements-2db19a23243ed25bde0115b406419a39 has-global-padding is-layout-constrained wp-block-group-is-layout-constrained\" style=\"border-radius:0px;padding-top:var(--wp--preset--spacing--30);padding-bottom:var(--wp--preset--spacing--30)\">\n<h2 class=\"wp-block-heading has-base-color has-text-color has-link-color wp-elements-318f721084f67ea8f2c0968b9fa2b95d\">Ets estudiant?<\/h2>\n\n\n\n<p><strong>Beneficis d\u2019assistir:<\/strong><\/p>\n\n\n\n<div class=\"wp-block-group is-nowrap is-layout-flex wp-container-core-group-is-layout-6c531013 wp-block-group-is-layout-flex\">\n<ul class=\"wp-block-list\">\n<li>Oportunitat de con\u00e8ixer empreses tecnol\u00f2giques.<\/li>\n\n\n\n<li>Acc\u00e9s a ofertes de pr\u00e0ctiques i feina.<\/li>\n\n\n\n<li>Participaci\u00f3 en activitats i networking.<\/li>\n<\/ul>\n<\/div>\n\n\n\n<p><strong>Com preparar-se:<\/strong><\/p>\n\n\n\n<ul class=\"wp-block-list\">\n<li>Portar el CV actualitzat.<\/li>\n\n\n\n<li>Preparar preguntes per a empreses.<\/li>\n\n\n\n<li>Assistir a les xerrades del teu inter\u00e8s.<\/li>\n<\/ul>\n<\/div>\n<\/div>\n\n\n\n<div class=\"wp-block-column is-vertically-aligned-center is-layout-flow wp-block-column-is-layout-flow\" style=\"flex-basis:50%\">\n<figure class=\"wp-block-image aligncenter size-large has-custom-border\"><img loading=\"lazy\" decoding=\"async\" width=\"1024\" height=\"683\" src=\"https:\/\/xxxvicongreso.ceet.org.es\/wp-content\/uploads\/2025\/02\/expotic-2024-1024x683.jpg\" alt=\"\" class=\"wp-image-112\" style=\"border-radius:10px\" srcset=\"https:\/\/expotic.ceet.org.es\/wp-content\/uploads\/2025\/02\/expotic-2024-1024x683.jpg 1024w, https:\/\/expotic.ceet.org.es\/wp-content\/uploads\/2025\/02\/expotic-2024-300x200.jpg 300w, https:\/\/expotic.ceet.org.es\/wp-content\/uploads\/2025\/02\/expotic-2024-768x512.jpg 768w, https:\/\/expotic.ceet.org.es\/wp-content\/uploads\/2025\/02\/expotic-2024-1536x1024.jpg 1536w, https:\/\/expotic.ceet.org.es\/wp-content\/uploads\/2025\/02\/expotic-2024-2048x1365.jpg 2048w\" sizes=\"auto, (max-width: 1024px) 100vw, 1024px\" \/><\/figure>\n<\/div>\n<\/div>\n\n\n\n<div class=\"wp-block-columns has-accent-1-background-color has-background is-layout-flex wp-container-core-columns-is-layout-f3e73c6b wp-block-columns-is-layout-flex\" style=\"border-radius:10px;padding-top:var(--wp--preset--spacing--30);padding-right:var(--wp--preset--spacing--30);padding-bottom:var(--wp--preset--spacing--30);padding-left:var(--wp--preset--spacing--30);box-shadow:var(--wp--preset--shadow--natural)\">\n<div class=\"wp-block-column is-vertically-aligned-center is-layout-flow wp-block-column-is-layout-flow\" style=\"flex-basis:50%\">\n<figure class=\"wp-block-image aligncenter size-large has-custom-border\"><img loading=\"lazy\" decoding=\"async\" width=\"1024\" height=\"683\" src=\"https:\/\/xxxvicongreso.ceet.org.es\/wp-content\/uploads\/2025\/02\/expotic-2024-ponencias-1024x683.jpg\" alt=\"\" class=\"wp-image-111\" style=\"border-radius:10px\" srcset=\"https:\/\/expotic.ceet.org.es\/wp-content\/uploads\/2025\/02\/expotic-2024-ponencias-1024x683.jpg 1024w, https:\/\/expotic.ceet.org.es\/wp-content\/uploads\/2025\/02\/expotic-2024-ponencias-300x200.jpg 300w, https:\/\/expotic.ceet.org.es\/wp-content\/uploads\/2025\/02\/expotic-2024-ponencias-768x512.jpg 768w, https:\/\/expotic.ceet.org.es\/wp-content\/uploads\/2025\/02\/expotic-2024-ponencias-1536x1024.jpg 1536w, https:\/\/expotic.ceet.org.es\/wp-content\/uploads\/2025\/02\/expotic-2024-ponencias-2048x1365.jpg 2048w\" sizes=\"auto, (max-width: 1024px) 100vw, 1024px\" \/><\/figure>\n<\/div>\n\n\n\n<div class=\"wp-block-column is-layout-flow wp-block-column-is-layout-flow\" style=\"flex-basis:50%\">\n<div class=\"wp-block-group has-base-color has-text-color has-link-color wp-elements-2f1ca975400b95d467f5fe7b868bc4a7 has-global-padding is-layout-constrained wp-block-group-is-layout-constrained\" style=\"border-radius:0px;padding-top:var(--wp--preset--spacing--30);padding-bottom:var(--wp--preset--spacing--30)\">\n<h2 class=\"wp-block-heading has-text-align-left has-base-color has-text-color has-link-color wp-elements-3f358c15628785d8a0e6d0b692e92cfc\">Vols col\u00b7laborar?<\/h2>\n\n\n\n<p><strong><strong>Raons per participar:<\/strong><\/strong><\/p>\n\n\n\n<div class=\"wp-block-group is-nowrap is-layout-flex wp-container-core-group-is-layout-6c531013 wp-block-group-is-layout-flex\">\n<ul class=\"wp-block-list\">\n<li>Contacte directe amb futurs talents.<\/li>\n\n\n\n<li>Visibilitat en un esdeveniment nacional.<\/li>\n\n\n\n<li>Networking amb altres actors del sector TIC.<\/li>\n<\/ul>\n<\/div>\n\n\n\n<p><strong><strong><a href=\"https:\/\/xxxvicongreso.ceet.org.es\/cat\/colaboradores\/\" data-type=\"page\" data-id=\"31\">Consulta els nostres col\u00b7laboradors<\/a><\/strong><\/strong><\/p>\n\n\n\n<p><strong><a href=\"https:\/\/expotic.ceet.org.es\/wp-content\/uploads\/2025\/03\/expotic-dossier-colaboracion-cat.pdf\">Dossier de col\u00b7laboraci\u00f3<\/a><\/strong><\/p>\n<\/div>\n<\/div>\n<\/div>\n\n\n\n<p><\/p>","protected":false},"excerpt":{"rendered":"<p>EXPOTIC 2025 17 de septiembre de 2025 Campus nord, ETSETB \u00bfQu\u00e9 es la ExpoTIC? ExpoTIC es la feria de empleo del Consejo Estatal de Estudiantes de Telecomunicaciones, un evento que re\u00fane a empresas del sector TIC con j\u00f3venes talentos de toda Espa\u00f1a. Organizado por la Delegaci\u00f3 d\u2019Alumnes de Telecomunicacions de la UPC, ExpoTIC busca fomentar [&hellip;]<\/p>","protected":false},"author":1,"featured_media":0,"parent":0,"menu_order":0,"comment_status":"closed","ping_status":"closed","template":"","meta":{"footnotes":""},"class_list":["post-34","page","type-page","status-publish","hentry"],"_links":{"self":[{"href":"https:\/\/expotic.ceet.org.es\/cat\/wp-json\/wp\/v2\/pages\/34","targetHints":{"allow":["GET"]}}],"collection":[{"href":"https:\/\/expotic.ceet.org.es\/cat\/wp-json\/wp\/v2\/pages"}],"about":[{"href":"https:\/\/expotic.ceet.org.es\/cat\/wp-json\/wp\/v2\/types\/page"}],"author":[{"embeddable":true,"href":"https:\/\/expotic.ceet.org.es\/cat\/wp-json\/wp\/v2\/users\/1"}],"replies":[{"embeddable":true,"href":"https:\/\/expotic.ceet.org.es\/cat\/wp-json\/wp\/v2\/comments?post=34"}],"version-history":[{"count":27,"href":"https:\/\/expotic.ceet.org.es\/cat\/wp-json\/wp\/v2\/pages\/34\/revisions"}],"predecessor-version":[{"id":334,"href":"https:\/\/expotic.ceet.org.es\/cat\/wp-json\/wp\/v2\/pages\/34\/revisions\/334"}],"wp:attachment":[{"href":"https:\/\/expotic.ceet.org.es\/cat\/wp-json\/wp\/v2\/media?parent=34"}],"curies":[{"name":"wp","href":"https:\/\/api.w.org\/{rel}","templated":true}]}}